{"id":99,"date":"2020-09-04T17:36:06","date_gmt":"2020-09-04T17:36:06","guid":{"rendered":"http:\/\/gerolfingen-evangelisch.de\/?page_id=99"},"modified":"2026-02-12T10:43:15","modified_gmt":"2026-02-12T10:43:15","slug":"impressum","status":"publish","type":"page","link":"https:\/\/gerolfingen-evangelisch.de\/?page_id=99","title":{"rendered":"Impressum"},"content":{"rendered":"\n<h1 class=\"wp-block-heading\">Angaben gem\u00e4\u00df \u00a7 5 TMG<\/h1>\n\n\n\n<p><strong>Kirchengemeinde St. Johannis Aufkirchen<\/strong><br>St. Johannis Aufkirchen<br>Pfarrer Christian Dellert<\/p>\n\n\n\n<p>Pfarrstr. 4<br>91726 Gerolfingen<\/p>\n\n\n\n<p>Telefon: 09854 228<br>E-Mail: [E-Mail-Adresse]<br>Internet:\u00a0<a href=\"https:\/\/aufkirchen-evangelisch.de\/\">https:\/\/gerolfingen-evangelisch.de<\/a><\/p>\n\n\n\n<p>Vertreten durch:<br>Den Kirchenvorstand der Kirchengemeinde Gerolfingen<\/p>\n\n\n\n<p>Vorsitzende\/r des Kirchenvorstandes:<br>Pfarrer Christian Dellert<\/p>\n\n\n\n<hr class=\"wp-block-separator has-alpha-channel-opacity\"\/>\n\n\n\n<h2 class=\"wp-block-heading\">Verantwortlich f\u00fcr den Inhalt nach \u00a7 55 Abs. 2 MStV<\/h2>\n\n\n\n<p>Pfr. Christian Dellert<br>[Anschrift wie oben]<\/p>\n\n\n\n<hr class=\"wp-block-separator has-alpha-channel-opacity\"\/>\n\n\n\n<h2 class=\"wp-block-heading\">K\u00f6rperschaft des \u00f6ffentlichen Rechts<\/h2>\n\n\n\n<p>Die Kirchengemeinde Gerolfingen ist eine K\u00f6rperschaft des \u00f6ffentlichen Rechts.<br>Sie geh\u00f6rt zur Evangelisch-Lutherischen Kirche in Bayern.<\/p>\n\n\n\n<hr class=\"wp-block-separator has-alpha-channel-opacity\"\/>\n\n\n\n<h2 class=\"wp-block-heading\">Aufsichtsbeh\u00f6rde<\/h2>\n\n\n\n<p>Evang.-Luth. Dekanat an Sulzach und W\u00f6rnitz<\/p>\n\n\n\n<hr class=\"wp-block-separator has-alpha-channel-opacity\"\/>\n\n\n\n<h2 class=\"wp-block-heading\">Datenschutz<\/h2>\n\n\n\n<p>Die Kirchengemeinde St. Johannis Aufkirchen nimmt den Schutz personenbezogener Daten ernst.<br>Die Verarbeitung personenbezogener Daten erfolgt nach den geltenden kirchlichen Datenschutzbestimmungen, insbesondere dem Kirchengesetz \u00fcber den Datenschutz der Evangelischen Kirche in Deutschland (DSG-EKD) sowie den erg\u00e4nzenden Bestimmungen der Evangelisch-Lutherischen Kirche in Bayern.<\/p>\n\n\n\n<p>Ausf\u00fchrliche Informationen zum Datenschutz sind in unserer Datenschutzerkl\u00e4rung enthalten.<\/p>\n\n\n\n<p>Zust\u00e4ndige Datenschutzaufsicht:<\/p>\n\n\n\n<p>Der Beauftragte f\u00fcr den Datenschutz der EKD<br>Au\u00dfenstelle Ulm<br>Hafenbad 22<br>89073 Ulm<br>E-Mail:&nbsp;<a>sued@datenschutz.ekd.de<\/a><\/p>\n\n\n\n<hr class=\"wp-block-separator has-alpha-channel-opacity\"\/>\n\n\n\n<h2 class=\"wp-block-heading\">Haftung f\u00fcr Inhalte<\/h2>\n\n\n\n<p>Die Inhalte unserer Seiten wurden mit gr\u00f6\u00dfter Sorgfalt erstellt. F\u00fcr die Richtigkeit, Vollst\u00e4ndigkeit und Aktualit\u00e4t der Inhalte k\u00f6nnen wir jedoch keine Gew\u00e4hr \u00fcbernehmen.<\/p>\n\n\n\n<hr class=\"wp-block-separator has-alpha-channel-opacity\"\/>\n\n\n\n<h2 class=\"wp-block-heading\">Haftung f\u00fcr Links<\/h2>\n\n\n\n<p>Unser Angebot enth\u00e4lt Links zu externen Webseiten Dritter, auf deren Inhalte wir keinen Einfluss haben. F\u00fcr diese fremden Inhalte \u00fcbernehmen wir keine Gew\u00e4hr. F\u00fcr die Inhalte der verlinkten Seiten ist stets der jeweilige Anbieter oder Betreiber verantwortlich.<\/p>\n\n\n\n<hr class=\"wp-block-separator has-alpha-channel-opacity\"\/>\n\n\n\n<h2 class=\"wp-block-heading\">Urheberrecht<\/h2>\n\n\n\n<p>Die durch die Kirchengemeinde erstellten Inhalte und Werke auf diesen Seiten unterliegen dem deutschen Urheberrecht. Beitr\u00e4ge Dritter sind als solche gekennzeichnet.<\/p>\n","protected":false},"excerpt":{"rendered":"<p>Angaben gem\u00e4\u00df \u00a7 5 TMG Kirchengemeinde St. Johannis AufkirchenSt. Johannis AufkirchenPfarrer Christian Dellert Telefon: 09854 228E-Mail: [E-Mail-Adresse]Internet:\u00a0https:\/\/gerolfingen-evangelisch.de Vertreten durch:Den Kirchenvorstand der Kirchengemeinde Gerolfingen Vorsitzende\/r des Kirchenvorstandes:Pfarrer Christian Dellert Verantwortlich f\u00fcr den Inhalt nach \u00a7 55 Abs. 2 MStV Pfr. Christian Dellert[Anschrift wie oben] K\u00f6rperschaft des \u00f6ffentlichen Rechts Die Kirchengemeinde Gerolfingen ist eine K\u00f6rperschaft des \u00f6ffentlichen <a class=\"more-link\" href=\"https:\/\/gerolfingen-evangelisch.de\/?page_id=99\">Weiterlesen <i class=\"fa fa-chevron-right\"><\/i><\/a><\/p>\n","protected":false},"author":1,"featured_media":0,"parent":0,"menu_order":1,"comment_status":"closed","ping_status":"closed","template":"","meta":[],"_links":{"self":[{"href":"https:\/\/gerolfingen-evangelisch.de\/index.php?rest_route=\/wp\/v2\/pages\/99"}],"collection":[{"href":"https:\/\/gerolfingen-evangelisch.de\/index.php?rest_route=\/wp\/v2\/pages"}],"about":[{"href":"https:\/\/gerolfingen-evangelisch.de\/index.php?rest_route=\/wp\/v2\/types\/page"}],"author":[{"embeddable":true,"href":"https:\/\/gerolfingen-evangelisch.de\/index.php?rest_route=\/wp\/v2\/users\/1"}],"replies":[{"embeddable":true,"href":"https:\/\/gerolfingen-evangelisch.de\/index.php?rest_route=%2Fwp%2Fv2%2Fcomments&post=99"}],"version-history":[{"count":4,"href":"https:\/\/gerolfingen-evangelisch.de\/index.php?rest_route=\/wp\/v2\/pages\/99\/revisions"}],"predecessor-version":[{"id":1014,"href":"https:\/\/gerolfingen-evangelisch.de\/index.php?rest_route=\/wp\/v2\/pages\/99\/revisions\/1014"}],"wp:attachment":[{"href":"https:\/\/gerolfingen-evangelisch.de\/index.php?rest_route=%2Fwp%2Fv2%2Fmedia&parent=99"}],"curies":[{"name":"wp","href":"https:\/\/api.w.org\/{rel}","templated":true}]}}